{"id":4904,"date":"2025-03-14T12:04:02","date_gmt":"2025-03-14T11:04:02","guid":{"rendered":"https:\/\/hotel-icastelli.com\/chefe-de-cozinha\/"},"modified":"2025-11-12T15:24:18","modified_gmt":"2025-11-12T14:24:18","slug":"chefe-de-cozinha","status":"publish","type":"page","link":"https:\/\/hotel-icastelli.com\/pt-br\/restaurante\/chefe-de-cozinha\/","title":{"rendered":"Chefe de cozinha"},"content":{"rendered":"\n<blockquote class=\"wp-block-quote\">\n<p>N\u00e3o h\u00e1 lugar no mundo que eu ame mais do que a cozinha.<\/p>\n\n\n\n<p>N\u00e3o importa onde seja, como seja: desde que seja uma cozinha, um lugar onde se faz comida, estou bem. Se poss\u00edvel, prefiro que elas sejam funcionais e vivas. Talvez com muitos panos de prato limpos e secos e com os azulejos brancos brilhando.&#8221;  <\/p>\n<cite><strong>Cozinha ~ por Banana Yoshimoto<\/strong><\/cite><\/blockquote>\n<section class=\"text-image text-image--text-is-left text-image--mt-default text-image--mb-default text-image--align-full text-image--no-background  __text-image text-image--image-mobile-bottom \">\n  <div class=\"text-image__inner text-image__inner--align-full text-image__inner--valign-default flex-columns\">\n    <div class=\"text-image__text text-image__text--is-left text-image__text--is-mobile-top flex-column flex-column--width-50\">\n              <div class=\"text-image__typography typography typography--text-is-left\">\n          \n\n<p>Assim come\u00e7a o livro de Banana Yoshimoto e assim come\u00e7a minha vida na cozinha.<\/p>\n\n\n\n<p>Quando crian\u00e7a, lembro-me de que <strong>tudo o que eu fazia, fazia na cozinha<\/strong>, desde brincar at\u00e9 fazer a li\u00e7\u00e3o de casa e ler um livro. Tamb\u00e9m me lembro de que sempre usava meu pijama na cozinha antes de ir para a cama, porque eu o vestia para me aquecer perto do fog\u00e3o, onde sempre havia uma panela em cima com algo bom. <\/p>\n\n\n\n<p>Com o passar dos anos e vendo meus pais preparando a comida para n\u00f3s com tanto amor, percebi que <strong>a paix\u00e3o e o amor<\/strong> pela culin\u00e1ria estavam crescendo em mim, tanto que, depois do ensino m\u00e9dio, escolhi a <strong>escola de administra\u00e7\u00e3o de hot\u00e9is em Barolo<\/strong>.<\/p>\n\n\n\n<p>Depois de terminar a escola, fiz est\u00e1gios no <strong>Piemonte <\/strong>para ver se era esse o meu caminho. Trabalhei em <strong>Monforte d&#8217;Alba no Ristorante Giardino &#8216;da Felicin&#8217;<\/strong> e no Ristorante la Collina, depois no Cascina del Cornale em Cornale, em Orta no Ristorante Osteria dell&#8217;Antico Agnello e em Piana Biglini no Ristorante La Paruzza.<\/p>\n\n\n        <\/div>\n          <\/div>\n    <div class=\"text-image__image-container text-image__image-container--is-right text-image__image-container--is-mobile-bottom flex-column flex-column--width-50\">\n              <div class=\"text-image__image text-image__image--is-right text-image__image--is-portrait text-image__image--style-is-default\">\n          <picture class=\"ratio__content\"> \n                    <source loading=\"lazy\" srcset=\"https:\/\/hotel-icastelli.com\/files\/2025\/02\/Ivano-900x1200.jpg\" media=\"(min-width: 574px)\" \/>\n\n                  <source loading=\"lazy\" srcset=\"https:\/\/hotel-icastelli.com\/files\/2025\/02\/Ivano-574x765.jpg\" \/>\n\n                    <img decoding=\"async\"  width=\"1335\" height=\"2000\" loading=\"lazy\" alt=\"Ivano\" title=\"Ivano\" data-caption=\"\" src=\"https:\/\/hotel-icastelli.com\/files\/2025\/02\/Ivano.jpg\" data-src=\"https:\/\/hotel-icastelli.com\/files\/2025\/02\/Ivano.jpg\"\/>\n\n            \n<\/picture>\n        <\/div>\n                  <\/div>\n  <\/div>\n<\/section><section class=\"text-gallery text-gallery--text-is-right text-gallery--mt-default text-gallery--mb-default text-gallery--align-full text-gallery--no-background text-gallery--align-full text-gallery--valign-center __gallery text-gallery--text-mobile-is-top \">\n   <div class=\"text-gallery__inner text-gallery__inner--align-full text-gallery__inner--valign-center flex-columns\">\n    <div class=\"text-gallery__text text-gallery__text--is-right text-gallery__text--is-mobile-top flex-column flex-column--width-50\">\n              <div class=\"text-gallery__typography typography typography--text-is-right\">\n                    \n\n<p>Finalmente, percebi que esse \u00e9 o caminho que quero seguir e j\u00e1 o segui, mas estou apenas no in\u00edcio de minha jornada e quem sabe aonde ela me levar\u00e1?<\/p>\n\n\n\n<p>Meu nome \u00e9 <strong>Ivano Bertolotto<\/strong>, minha cozinha \u00e9 baseada em sabores simples, sele\u00e7\u00e3o de produtos e frescor.<\/p>\n\n\n\n<p>Gosto de preparar <strong>pratos tradicionais reinterpretados<\/strong> com um toque moderno e de criar novos pratos que expressem os sabores e aromas da regi\u00e3o, tentando despertar sensa\u00e7\u00f5es e lembran\u00e7as h\u00e1 muito adormecidas.<\/p>\n\n\n\n<p>Cozinhar \u00e9 amor e <strong>respeito pela terra<\/strong>, pela sazonalidade dos produtos e pelas pessoas que comem o que voc\u00ea prepara.<\/p>\n\n\n        <\/div>\n          <\/div>\n    <div class=\"text-gallery__gallery-container text-gallery__gallery-container--is-left flex-column flex-column--width-50\">\n      <div class=\"text-gallery__gallery text-gallery__gallery--is-left text-gallery__gallery--style-default\">\n        \n\n<figure class=\"wp-block-gallery has-nested-images columns-2 is-cropped wp-block-gallery-2\">\n<figure class=\"wp-block-image size-square_sm\"><img loading=\"lazy\" decoding=\"async\" width=\"350\" height=\"350\" data-id=\"4672\" src=\"https:\/\/hotel-icastelli.com\/files\/2025\/04\/c-350x350.jpg\" alt=\"\" class=\"wp-image-4672\" srcset=\"https:\/\/hotel-icastelli.com\/files\/2025\/04\/c-350x350.jpg 350w, https:\/\/hotel-icastelli.com\/files\/2025\/04\/c-150x150.jpg 150w, https:\/\/hotel-icastelli.com\/files\/2025\/04\/c-900x900.jpg 900w, https:\/\/hotel-icastelli.com\/files\/2025\/04\/c-600x600.jpg 600w\" sizes=\"auto, (max-width: 350px) 100vw, 350px\" \/><\/figure>\n\n\n\n<figure class=\"wp-block-image size-square_sm\"><img loading=\"lazy\" decoding=\"async\" width=\"350\" height=\"350\" data-id=\"4658\" src=\"https:\/\/hotel-icastelli.com\/files\/2025\/04\/b-350x350.jpg\" alt=\"\" class=\"wp-image-4658\" srcset=\"https:\/\/hotel-icastelli.com\/files\/2025\/04\/b-350x350.jpg 350w, https:\/\/hotel-icastelli.com\/files\/2025\/04\/b-150x150.jpg 150w, https:\/\/hotel-icastelli.com\/files\/2025\/04\/b-900x900.jpg 900w, https:\/\/hotel-icastelli.com\/files\/2025\/04\/b-600x600.jpg 600w\" sizes=\"auto, (max-width: 350px) 100vw, 350px\" \/><\/figure>\n\n\n\n<figure class=\"wp-block-image size-square_sm\"><img loading=\"lazy\" decoding=\"async\" width=\"350\" height=\"350\" data-id=\"4644\" src=\"https:\/\/hotel-icastelli.com\/files\/2025\/04\/1-350x350.jpg\" alt=\"\" class=\"wp-image-4644\" srcset=\"https:\/\/hotel-icastelli.com\/files\/2025\/04\/1-350x350.jpg 350w, https:\/\/hotel-icastelli.com\/files\/2025\/04\/1-150x150.jpg 150w, https:\/\/hotel-icastelli.com\/files\/2025\/04\/1-900x900.jpg 900w, https:\/\/hotel-icastelli.com\/files\/2025\/04\/1-600x600.jpg 600w\" sizes=\"auto, (max-width: 350px) 100vw, 350px\" \/><\/figure>\n\n\n\n<figure class=\"wp-block-image size-square_sm\"><img loading=\"lazy\" decoding=\"async\" width=\"350\" height=\"350\" data-id=\"4630\" src=\"https:\/\/hotel-icastelli.com\/files\/2025\/04\/f-350x350.jpg\" alt=\"\" class=\"wp-image-4630\" srcset=\"https:\/\/hotel-icastelli.com\/files\/2025\/04\/f-350x350.jpg 350w, https:\/\/hotel-icastelli.com\/files\/2025\/04\/f-150x150.jpg 150w, https:\/\/hotel-icastelli.com\/files\/2025\/04\/f-900x900.jpg 900w, https:\/\/hotel-icastelli.com\/files\/2025\/04\/f-600x600.jpg 600w\" sizes=\"auto, (max-width: 350px) 100vw, 350px\" \/><\/figure>\n<\/figure>\n\n\n      <\/div>\n          <\/div>\n  <\/div>\n<\/section><section class=\"grid grid--mt-default grid--mb-default grid--align-full grid--no-background  __grid is-style-first-big-3\">\n  <div class=\"grid__inner grid__inner--align-full\">\n        <ul class=\"grid__row grid__row--columns-3 grid__row--valign-top combos combos--columns-3\">\n              \n<div class=\"combo combo--3-cols combo--align-center combo--textalign-default combo--has-background has-dark-background-color combos__combo wp-elements-bb3e458b10a0d43f91e5e1fe68de32ad\">\n      <div class=\"combo__bg combo__bg--position-default combo__bg--overlay-is-default \">\n      <picture class=\"ratio__content\"> \n                <source loading=\"lazy\" srcset=\"https:\/\/hotel-icastelli.com\/files\/2025\/02\/serale.jpg\" media=\"(min-width: 1400px)\" \/>\n\n              <source loading=\"lazy\" srcset=\"https:\/\/hotel-icastelli.com\/files\/2025\/02\/serale-1400x875.jpg\" media=\"(min-width: 574px)\" \/>\n\n              <source loading=\"lazy\" srcset=\"https:\/\/hotel-icastelli.com\/files\/2025\/02\/serale-574x765.jpg\" \/>\n\n                <img decoding=\"async\"  width=\"\" height=\"\" loading=\"lazy\" alt=\"serale\" title=\"serale\" data-caption=\"Kolor stitching | 35 pictures | Size: 8150 x 5933 | FOV: 138.73 x 100.98 ~ -16.65 | RMS: 2.55 | Lens: Standard | Projection: Spherical | Color: LDR |\" src=\"https:\/\/hotel-icastelli.com\/files\/2025\/02\/serale.jpg\" data-src=\"https:\/\/hotel-icastelli.com\/files\/2025\/02\/serale.jpg\"\/>\n\n        \n<\/picture>\n    <\/div>\n        <div class=\"combo__overlay combo__overlay--is-default combo__overlay--color-dark\"><\/div>\n    <div class=\"combo__inner combo__inner--text-align-default combo__inner--has-background combo__inner--has-dark-background-color wp-elements-bb3e458b10a0d43f91e5e1fe68de32ad\">\n          <h4 class=\"combo__tagline\">\n        O Hotel\n      <\/h4>\n              <h2 class=\"combo__title\">\n        Explore Langhe e Roero\n      <\/h2>\n                  <div class=\"combo__description\">\n        \n\n<p>Um marco na vizinhan\u00e7a, fica a apenas alguns minutos de caminhada do centro hist\u00f3rico de Alba.<\/p>\n\n\n      <\/div>\n              <div class=\"combo__cta\">\n          <a href=\"https:\/\/hotel-icastelli.com\/pt-br\/hoteis\/\" title=\"Explorar\" target=\"_self\" class=\"combo__button button button--combo\">\n            Explorar\n          <\/a>\n        <\/div>\n            <\/div>\n<\/div>\n\n<div class=\"combo combo--3-cols combo--align-center combo--textalign-default combo--has-background has-dark-background-color combos__combo wp-elements-292dfd2997547366c278f841e621e158\">\n      <div class=\"combo__bg combo__bg--position-default combo__bg--overlay-is-default \">\n      <picture class=\"ratio__content\"> \n                <source loading=\"lazy\" srcset=\"https:\/\/hotel-icastelli.com\/files\/2025\/04\/d.jpg\" media=\"(min-width: 1400px)\" \/>\n\n              <source loading=\"lazy\" srcset=\"https:\/\/hotel-icastelli.com\/files\/2025\/04\/d-1400x875.jpg\" media=\"(min-width: 574px)\" \/>\n\n              <source loading=\"lazy\" srcset=\"https:\/\/hotel-icastelli.com\/files\/2025\/04\/d-574x765.jpg\" \/>\n\n                <img decoding=\"async\"  width=\"\" height=\"\" loading=\"lazy\" alt=\"d\" title=\"d\" data-caption=\"\" src=\"https:\/\/hotel-icastelli.com\/files\/2025\/04\/d.jpg\" data-src=\"https:\/\/hotel-icastelli.com\/files\/2025\/04\/d.jpg\"\/>\n\n        \n<\/picture>\n    <\/div>\n        <div class=\"combo__overlay combo__overlay--is-default combo__overlay--color-dark\"><\/div>\n    <div class=\"combo__inner combo__inner--text-align-default combo__inner--has-background combo__inner--has-dark-background-color wp-elements-292dfd2997547366c278f841e621e158\">\n          <h4 class=\"combo__tagline\">\n        O card\u00e1pio\n      <\/h4>\n              <h2 class=\"combo__title\">\n        Para deixar voc\u00ea ganancioso\n      <\/h2>\n                  <div class=\"combo__description\">\n        \n\n<p>Em um ambiente confort\u00e1vel, voc\u00ea pode saborear pratos tradicionais locais.<\/p>\n\n\n      <\/div>\n              <div class=\"combo__cta\">\n          <a href=\"https:\/\/hotel-icastelli.com\/pt-br\/restaurante\/menu\/\" title=\"Saboreie\" target=\"_self\" class=\"combo__button button button--combo\">\n            Saboreie\n          <\/a>\n        <\/div>\n            <\/div>\n<\/div>\n\n<div class=\"combo combo--3-cols combo--align-center combo--textalign-default combo--has-background has-dark-background-color combos__combo wp-elements-e8f2eb0fcc9147dd42f0e26977537d05\">\n      <div class=\"combo__bg combo__bg--position-default combo__bg--overlay-is-default \">\n      <picture class=\"ratio__content\"> \n                <source loading=\"lazy\" srcset=\"https:\/\/hotel-icastelli.com\/files\/2025\/03\/piatto_02.jpg\" media=\"(min-width: 1400px)\" \/>\n\n              <source loading=\"lazy\" srcset=\"https:\/\/hotel-icastelli.com\/files\/2025\/03\/piatto_02.jpg\" media=\"(min-width: 574px)\" \/>\n\n              <source loading=\"lazy\" srcset=\"https:\/\/hotel-icastelli.com\/files\/2025\/03\/piatto_02-574x440.jpg\" \/>\n\n                <img decoding=\"async\"  width=\"\" height=\"\" loading=\"lazy\" alt=\"piatto_02\" title=\"piatto_02\" data-caption=\"\" src=\"https:\/\/hotel-icastelli.com\/files\/2025\/03\/piatto_02.jpg\" data-src=\"https:\/\/hotel-icastelli.com\/files\/2025\/03\/piatto_02.jpg\"\/>\n\n        \n<\/picture>\n    <\/div>\n        <div class=\"combo__overlay combo__overlay--is-default combo__overlay--color-dark\"><\/div>\n    <div class=\"combo__inner combo__inner--text-align-default combo__inner--has-background combo__inner--has-dark-background-color wp-elements-e8f2eb0fcc9147dd42f0e26977537d05\">\n          <h4 class=\"combo__tagline\">\n        Lista de vinhos\n      <\/h4>\n              <h2 class=\"combo__title\">\n        Para deixar voc\u00ea alegre\n      <\/h2>\n                  <div class=\"combo__description\">\n        \n\n<p>Uma carta de vinhos selecionada, com foco em pequenos produtores do Piemonte e em descri\u00e7\u00f5es nacionais e estrangeiras.<\/p>\n\n\n      <\/div>\n              <div class=\"combo__cta\">\n          <a href=\"https:\/\/hotel-icastelli.com\/files\/2025\/05\/2024.04_carta_vini_i_castelli.pdf\" title=\"Descobrir\" target=\"_self\" class=\"combo__button button button--combo\">\n            Descobrir\n          <\/a>\n        <\/div>\n            <\/div>\n<\/div>\n\n          <\/ul>\n      <\/div>\n<\/section>","protected":false},"excerpt":{"rendered":"<p>N\u00e3o h\u00e1 lugar no mundo que eu ame mais do que a cozinha. N\u00e3o importa onde seja, como seja: desde que seja uma cozinha, um lugar onde se faz comida, estou bem. Se poss\u00edvel, prefiro que elas sejam funcionais e vivas. Talvez com muitos panos de prato limpos e secos e com os azulejos brancos [&hellip;]<\/p>\n","protected":false},"author":152,"featured_media":3994,"parent":5086,"menu_order":0,"comment_status":"closed","ping_status":"closed","template":"","meta":{"_acf_changed":false,"_monsterinsights_skip_tracking":false,"_monsterinsights_sitenote_active":false,"_monsterinsights_sitenote_note":"","_monsterinsights_sitenote_category":0,"footnotes":""},"class_list":["post-4904","page","type-page","status-publish","has-post-thumbnail","hentry"],"yoast_head":"<!-- This site is optimized with the Yoast SEO plugin v27.3 - https:\/\/yoast.com\/product\/yoast-seo-wordpress\/ -->\n<title>Chefe de cozinha - Hotel in Centro Ad Alba - I Castelli<\/title>\n<meta name=\"description\" content=\"N\u00e3o h\u00e1 lugar no mundo que eu ame mais do que a cozinha. N\u00e3o importa onde seja, como seja: desde que seja uma cozinha, um lugar onde se faz comida, estou\" \/>\n<meta name=\"robots\" content=\"index, follow, max-snippet:-1, max-image-preview:large, max-video-preview:-1\" \/>\n<link rel=\"canonical\" href=\"https:\/\/hotel-icastelli.com\/pt-br\/restaurante\/chefe-de-cozinha\/\" \/>\n<meta property=\"og:locale\" content=\"pt_BR\" \/>\n<meta property=\"og:type\" content=\"article\" \/>\n<meta property=\"og:title\" content=\"Chefe de cozinha - Hotel in Centro Ad Alba - I Castelli\" \/>\n<meta property=\"og:description\" content=\"N\u00e3o h\u00e1 lugar no mundo que eu ame mais do que a cozinha. N\u00e3o importa onde seja, como seja: desde que seja uma cozinha, um lugar onde se faz comida, estou\" \/>\n<meta property=\"og:url\" content=\"https:\/\/hotel-icastelli.com\/pt-br\/restaurante\/chefe-de-cozinha\/\" \/>\n<meta property=\"og:site_name\" content=\"I Castelli\" \/>\n<meta property=\"article:modified_time\" content=\"2025-11-12T14:24:18+00:00\" \/>\n<meta property=\"og:image\" content=\"https:\/\/hotel-icastelli.com\/files\/2025\/03\/ristorante_34.jpg\" \/>\n\t<meta property=\"og:image:width\" content=\"1300\" \/>\n\t<meta property=\"og:image:height\" content=\"556\" \/>\n\t<meta property=\"og:image:type\" content=\"image\/jpeg\" \/>\n<meta name=\"twitter:card\" content=\"summary_large_image\" \/>\n<meta name=\"twitter:label1\" content=\"Est. reading time\" \/>\n\t<meta name=\"twitter:data1\" content=\"2 minutes\" \/>\n<!-- \/ Yoast SEO plugin. -->","yoast_head_json":{"title":"Chefe de cozinha - Hotel in Centro Ad Alba - I Castelli","description":"N\u00e3o h\u00e1 lugar no mundo que eu ame mais do que a cozinha. N\u00e3o importa onde seja, como seja: desde que seja uma cozinha, um lugar onde se faz comida, estou","robots":{"index":"index","follow":"follow","max-snippet":"max-snippet:-1","max-image-preview":"max-image-preview:large","max-video-preview":"max-video-preview:-1"},"canonical":"https:\/\/hotel-icastelli.com\/pt-br\/restaurante\/chefe-de-cozinha\/","og_locale":"pt_BR","og_type":"article","og_title":"Chefe de cozinha - Hotel in Centro Ad Alba - I Castelli","og_description":"N\u00e3o h\u00e1 lugar no mundo que eu ame mais do que a cozinha. N\u00e3o importa onde seja, como seja: desde que seja uma cozinha, um lugar onde se faz comida, estou","og_url":"https:\/\/hotel-icastelli.com\/pt-br\/restaurante\/chefe-de-cozinha\/","og_site_name":"I Castelli","article_modified_time":"2025-11-12T14:24:18+00:00","og_image":[{"width":1300,"height":556,"url":"https:\/\/hotel-icastelli.com\/files\/2025\/03\/ristorante_34.jpg","type":"image\/jpeg"}],"twitter_card":"summary_large_image","twitter_misc":{"Est. reading time":"2 minutes"},"schema":{"@context":"https:\/\/schema.org","@graph":[{"@type":"WebPage","@id":"https:\/\/hotel-icastelli.com\/pt-br\/restaurante\/chefe-de-cozinha\/","url":"https:\/\/hotel-icastelli.com\/pt-br\/restaurante\/chefe-de-cozinha\/","name":"Chefe de cozinha - Hotel in Centro Ad Alba - I Castelli","isPartOf":{"@id":"https:\/\/hotel-icastelli.com\/#website"},"primaryImageOfPage":{"@id":"https:\/\/hotel-icastelli.com\/pt-br\/restaurante\/chefe-de-cozinha\/#primaryimage"},"image":{"@id":"https:\/\/hotel-icastelli.com\/pt-br\/restaurante\/chefe-de-cozinha\/#primaryimage"},"thumbnailUrl":"https:\/\/hotel-icastelli.com\/files\/2025\/03\/ristorante_34.jpg","datePublished":"2025-03-14T11:04:02+00:00","dateModified":"2025-11-12T14:24:18+00:00","description":"N\u00e3o h\u00e1 lugar no mundo que eu ame mais do que a cozinha. N\u00e3o importa onde seja, como seja: desde que seja uma cozinha, um lugar onde se faz comida, estou","breadcrumb":{"@id":"https:\/\/hotel-icastelli.com\/pt-br\/restaurante\/chefe-de-cozinha\/#breadcrumb"},"inLanguage":"pt-BR","potentialAction":[{"@type":"ReadAction","target":["https:\/\/hotel-icastelli.com\/pt-br\/restaurante\/chefe-de-cozinha\/"]}]},{"@type":"ImageObject","inLanguage":"pt-BR","@id":"https:\/\/hotel-icastelli.com\/pt-br\/restaurante\/chefe-de-cozinha\/#primaryimage","url":"https:\/\/hotel-icastelli.com\/files\/2025\/03\/ristorante_34.jpg","contentUrl":"https:\/\/hotel-icastelli.com\/files\/2025\/03\/ristorante_34.jpg","width":1300,"height":556},{"@type":"BreadcrumbList","@id":"https:\/\/hotel-icastelli.com\/pt-br\/restaurante\/chefe-de-cozinha\/#breadcrumb","itemListElement":[{"@type":"ListItem","position":1,"name":"Home","item":"https:\/\/hotel-icastelli.com\/pt-br\/"},{"@type":"ListItem","position":2,"name":"Restaurante","item":"https:\/\/hotel-icastelli.com\/pt-br\/restaurante\/"},{"@type":"ListItem","position":3,"name":"Chefe de cozinha"}]},{"@type":"WebSite","@id":"https:\/\/hotel-icastelli.com\/#website","url":"https:\/\/hotel-icastelli.com\/","name":"I Castelli","description":"Hotel in Centro Ad Alba","publisher":{"@id":"https:\/\/hotel-icastelli.com\/#organization"},"potentialAction":[{"@type":"SearchAction","target":{"@type":"EntryPoint","urlTemplate":"https:\/\/hotel-icastelli.com\/?s={search_term_string}"},"query-input":{"@type":"PropertyValueSpecification","valueRequired":true,"valueName":"search_term_string"}}],"inLanguage":"pt-BR"},{"@type":"Organization","@id":"https:\/\/hotel-icastelli.com\/#organization","name":"I Castelli","url":"https:\/\/hotel-icastelli.com\/","logo":{"@type":"ImageObject","inLanguage":"pt-BR","@id":"https:\/\/hotel-icastelli.com\/#\/schema\/logo\/image\/","url":"","contentUrl":"","caption":"I Castelli"},"image":{"@id":"https:\/\/hotel-icastelli.com\/#\/schema\/logo\/image\/"}}]}},"acf":[],"_links":{"self":[{"href":"https:\/\/hotel-icastelli.com\/pt-br\/wp-json\/wp\/v2\/pages\/4904","targetHints":{"allow":["GET"]}}],"collection":[{"href":"https:\/\/hotel-icastelli.com\/pt-br\/wp-json\/wp\/v2\/pages"}],"about":[{"href":"https:\/\/hotel-icastelli.com\/pt-br\/wp-json\/wp\/v2\/types\/page"}],"author":[{"embeddable":true,"href":"https:\/\/hotel-icastelli.com\/pt-br\/wp-json\/wp\/v2\/users\/152"}],"replies":[{"embeddable":true,"href":"https:\/\/hotel-icastelli.com\/pt-br\/wp-json\/wp\/v2\/comments?post=4904"}],"version-history":[{"count":0,"href":"https:\/\/hotel-icastelli.com\/pt-br\/wp-json\/wp\/v2\/pages\/4904\/revisions"}],"up":[{"embeddable":true,"href":"https:\/\/hotel-icastelli.com\/pt-br\/wp-json\/wp\/v2\/pages\/5086"}],"wp:featuredmedia":[{"embeddable":true,"href":"https:\/\/hotel-icastelli.com\/pt-br\/wp-json\/wp\/v2\/media\/3994"}],"wp:attachment":[{"href":"https:\/\/hotel-icastelli.com\/pt-br\/wp-json\/wp\/v2\/media?parent=4904"}],"curies":[{"name":"wp","href":"https:\/\/api.w.org\/{rel}","templated":true}]}}